{"version":"1.0","provider_name":"Albinfo","provider_url":"https:\/\/www.albinfo.at\/fr\/","author_name":"Vjosa Gervalla","author_url":"https:\/\/www.albinfo.at\/fr\/author\/vjosagervalla\/","title":"Vengeance de clans Kosovars en Suisse - Albinfo","type":"rich","width":600,"height":338,"html":"<blockquote class=\"wp-embedded-content\" data-secret=\"1BKtzBfbRL\"><a href=\"https:\/\/www.albinfo.at\/fr\/vengeance-de-clans-kosovars-en-suisse\/\">Vengeance de clans Kosovars en Suisse<\/a><\/blockquote><iframe sandbox=\"allow-scripts\" security=\"restricted\" src=\"https:\/\/www.albinfo.at\/fr\/vengeance-de-clans-kosovars-en-suisse\/embed\/#?secret=1BKtzBfbRL\" width=\"600\" height=\"338\" title=\"&#8220;Vengeance de clans Kosovars en Suisse&#8221; &#8212; Albinfo\" data-secret=\"1BKtzBfbRL\" frameborder=\"0\" marginwidth=\"0\" marginheight=\"0\" scrolling=\"no\" class=\"wp-embedded-content\"><\/iframe><script type=\"text\/javascript\">\n\/* <![CDATA[ *\/\n\/*! This file is auto-generated *\/\n!function(d,l){\"use strict\";l.querySelector&&d.addEventListener&&\"undefined\"!=typeof URL&&(d.wp=d.wp||{},d.wp.receiveEmbedMessage||(d.wp.receiveEmbedMessage=function(e){var t=e.data;if((t||t.secret||t.message||t.value)&&!\/[^a-zA-Z0-9]\/.test(t.secret)){for(var s,r,n,a=l.querySelectorAll('iframe[data-secret=\"'+t.secret+'\"]'),o=l.querySelectorAll('blockquote[data-secret=\"'+t.secret+'\"]'),c=new RegExp(\"^https?:$\",\"i\"),i=0;i<o.length;i++)o[i].style.display=\"none\";for(i=0;i<a.length;i++)s=a[i],e.source===s.contentWindow&&(s.removeAttribute(\"style\"),\"height\"===t.message?(1e3<(r=parseInt(t.value,10))?r=1e3:~~r<200&&(r=200),s.height=r):\"link\"===t.message&&(r=new URL(s.getAttribute(\"src\")),n=new URL(t.value),c.test(n.protocol))&&n.host===r.host&&l.activeElement===s&&(d.top.location.href=t.value))}},d.addEventListener(\"message\",d.wp.receiveEmbedMessage,!1),l.addEventListener(\"DOMContentLoaded\",function(){for(var e,t,s=l.querySelectorAll(\"iframe.wp-embedded-content\"),r=0;r<s.length;r++)(t=(e=s[r]).getAttribute(\"data-secret\"))||(t=Math.random().toString(36).substring(2,12),e.src+=\"#?secret=\"+t,e.setAttribute(\"data-secret\",t)),e.contentWindow.postMessage({message:\"ready\",secret:t},\"*\")},!1)))}(window,document);\n\/* ]]> *\/\n<\/script>\n","description":"L\u2019assassinat qui a eu lieu au printemps 2013 en Suisse tire ses origines du Kosovo. Apr\u00e8s la guerre, 14 membres de deux familles de Peja ont \u00e9t\u00e9 assassin\u00e9s dans le cadre d\u2019une vendetta. Les autorit\u00e9s suisses ont traduit en justice l\u2019accus\u00e9 de l\u2019assassinat de S. Elshani, tu\u00e9 en mai\u00a02013 \u00e0 Frasses, \u00e0 Fribourg. Cet assassinat [&hellip;]"}