{"version":"1.0","provider_name":"Albinfo","provider_url":"https:\/\/www.albinfo.at\/fr\/","author_name":"albinfo.ch","author_url":"https:\/\/www.albinfo.at\/fr\/author\/sevdailtahiri\/","title":"Passagers a\u00e9riens en provenance des r\u00e9gions \u00e0 risque - Albinfo","type":"rich","width":600,"height":338,"html":"<blockquote class=\"wp-embedded-content\" data-secret=\"j5sD05Fwao\"><a href=\"https:\/\/www.albinfo.at\/fr\/passagers-aeriens-en-provenance-des-regions-a-risque\/\">Passagers a\u00e9riens en provenance des r\u00e9gions \u00e0 risque<\/a><\/blockquote><iframe sandbox=\"allow-scripts\" security=\"restricted\" src=\"https:\/\/www.albinfo.at\/fr\/passagers-aeriens-en-provenance-des-regions-a-risque\/embed\/#?secret=j5sD05Fwao\" width=\"600\" height=\"338\" title=\"&#8220;Passagers a\u00e9riens en provenance des r\u00e9gions \u00e0 risque&#8221; &#8212; Albinfo\" data-secret=\"j5sD05Fwao\" frameborder=\"0\" marginwidth=\"0\" marginheight=\"0\" scrolling=\"no\" class=\"wp-embedded-content\"><\/iframe><script type=\"text\/javascript\">\n\/* <![CDATA[ *\/\n\/*! This file is auto-generated *\/\n!function(d,l){\"use strict\";l.querySelector&&d.addEventListener&&\"undefined\"!=typeof URL&&(d.wp=d.wp||{},d.wp.receiveEmbedMessage||(d.wp.receiveEmbedMessage=function(e){var t=e.data;if((t||t.secret||t.message||t.value)&&!\/[^a-zA-Z0-9]\/.test(t.secret)){for(var s,r,n,a=l.querySelectorAll('iframe[data-secret=\"'+t.secret+'\"]'),o=l.querySelectorAll('blockquote[data-secret=\"'+t.secret+'\"]'),c=new RegExp(\"^https?:$\",\"i\"),i=0;i<o.length;i++)o[i].style.display=\"none\";for(i=0;i<a.length;i++)s=a[i],e.source===s.contentWindow&&(s.removeAttribute(\"style\"),\"height\"===t.message?(1e3<(r=parseInt(t.value,10))?r=1e3:~~r<200&&(r=200),s.height=r):\"link\"===t.message&&(r=new URL(s.getAttribute(\"src\")),n=new URL(t.value),c.test(n.protocol))&&n.host===r.host&&l.activeElement===s&&(d.top.location.href=t.value))}},d.addEventListener(\"message\",d.wp.receiveEmbedMessage,!1),l.addEventListener(\"DOMContentLoaded\",function(){for(var e,t,s=l.querySelectorAll(\"iframe.wp-embedded-content\"),r=0;r<s.length;r++)(t=(e=s[r]).getAttribute(\"data-secret\"))||(t=Math.random().toString(36).substring(2,12),e.src+=\"#?secret=\"+t,e.setAttribute(\"data-secret\",t)),e.contentWindow.postMessage({message:\"ready\",secret:t},\"*\")},!1)))}(window,document);\n\/* ]]> *\/\n<\/script>\n","thumbnail_url":"https:\/\/www.albinfo.at\/wp-content\/uploads\/2020\/08\/kosovo-reisende-cyrih.jpg","thumbnail_width":1280,"thumbnail_height":735,"description":"En p\u00e9riode de COVID-19, les cantons doivent pouvoir contr\u00f4ler rapidement si les personnes en provenance des zones \u00e0 risque respectent la quarantaine obligatoire. L\u2019Office f\u00e9d\u00e9ral de la sant\u00e9 publique (OFSP) et la Direction de la s\u00e9curit\u00e9 du Canton de Zurich ont conclu un accord de coop\u00e9ration pour la gestion des coordonn\u00e9es des voyageurs \u00e0 l\u2019a\u00e9roport [&hellip;]"}