{"version":"1.0","provider_name":"Albinfo","provider_url":"https:\/\/www.albinfo.at\/fr\/","author_name":"albinfo.ch","author_url":"https:\/\/www.albinfo.at\/fr\/author\/blerimshabani\/","title":"Les autorit\u00e9s doivent savoir qui d\u00e9tient l\u2019autorit\u00e9 parentale - Albinfo","type":"rich","width":600,"height":338,"html":"<blockquote class=\"wp-embedded-content\" data-secret=\"XSdGLQwSbg\"><a href=\"https:\/\/www.albinfo.at\/fr\/les-autorites-doivent-savoir-qui-detient-lautorite-parentale\/\">Les autorit\u00e9s doivent savoir qui d\u00e9tient l\u2019autorit\u00e9 parentale<\/a><\/blockquote><iframe sandbox=\"allow-scripts\" security=\"restricted\" src=\"https:\/\/www.albinfo.at\/fr\/les-autorites-doivent-savoir-qui-detient-lautorite-parentale\/embed\/#?secret=XSdGLQwSbg\" width=\"600\" height=\"338\" title=\"&#8220;Les autorit\u00e9s doivent savoir qui d\u00e9tient l\u2019autorit\u00e9 parentale&#8221; &#8212; Albinfo\" data-secret=\"XSdGLQwSbg\" frameborder=\"0\" marginwidth=\"0\" marginheight=\"0\" scrolling=\"no\" class=\"wp-embedded-content\"><\/iframe><script type=\"text\/javascript\">\n\/* <![CDATA[ *\/\n\/*! This file is auto-generated *\/\n!function(d,l){\"use strict\";l.querySelector&&d.addEventListener&&\"undefined\"!=typeof URL&&(d.wp=d.wp||{},d.wp.receiveEmbedMessage||(d.wp.receiveEmbedMessage=function(e){var t=e.data;if((t||t.secret||t.message||t.value)&&!\/[^a-zA-Z0-9]\/.test(t.secret)){for(var s,r,n,a=l.querySelectorAll('iframe[data-secret=\"'+t.secret+'\"]'),o=l.querySelectorAll('blockquote[data-secret=\"'+t.secret+'\"]'),c=new RegExp(\"^https?:$\",\"i\"),i=0;i<o.length;i++)o[i].style.display=\"none\";for(i=0;i<a.length;i++)s=a[i],e.source===s.contentWindow&&(s.removeAttribute(\"style\"),\"height\"===t.message?(1e3<(r=parseInt(t.value,10))?r=1e3:~~r<200&&(r=200),s.height=r):\"link\"===t.message&&(r=new URL(s.getAttribute(\"src\")),n=new URL(t.value),c.test(n.protocol))&&n.host===r.host&&l.activeElement===s&&(d.top.location.href=t.value))}},d.addEventListener(\"message\",d.wp.receiveEmbedMessage,!1),l.addEventListener(\"DOMContentLoaded\",function(){for(var e,t,s=l.querySelectorAll(\"iframe.wp-embedded-content\"),r=0;r<s.length;r++)(t=(e=s[r]).getAttribute(\"data-secret\"))||(t=Math.random().toString(36).substring(2,12),e.src+=\"#?secret=\"+t,e.setAttribute(\"data-secret\",t)),e.contentWindow.postMessage({message:\"ready\",secret:t},\"*\")},!1)))}(window,document);\n\/* ]]> *\/\n<\/script>\n","thumbnail_url":"https:\/\/www.albinfo.at\/wp-content\/uploads\/2020\/02\/femijet-1-600x360.jpg","thumbnail_width":600,"thumbnail_height":360,"description":"Pour le bien de l\u2019enfant, il est important que les autorit\u00e9s puissent d\u00e9terminer avec certitude quel parent d\u00e9tient l\u2019autorit\u00e9 parentale. C\u2019est ce que conclut le Conseil f\u00e9d\u00e9ral dans le rapport \u00e9tabli en r\u00e9ponse \u00e0 un postulat, qu\u2019il a adopt\u00e9 lors de sa s\u00e9ance du 12 mars 2021. Il reste \u00e0 examiner s\u2019il serait possible de faire figurer cette information dans les registres cantonaux des habitants"}