{"version":"1.0","provider_name":"Albinfo","provider_url":"https:\/\/www.albinfo.at\/fr\/","author_name":"albinfo.ch","author_url":"https:\/\/www.albinfo.at\/fr\/author\/blerimshabani\/","title":"La part des personnes en surpoids s'est stabilis\u00e9e - Albinfo","type":"rich","width":600,"height":338,"html":"<blockquote class=\"wp-embedded-content\" data-secret=\"RpRn6akrqb\"><a href=\"https:\/\/www.albinfo.at\/fr\/la-part-des-personnes-en-surpoids-sest-stabilisee\/\">La part des personnes en surpoids s&#8217;est stabilis\u00e9e<\/a><\/blockquote><iframe sandbox=\"allow-scripts\" security=\"restricted\" src=\"https:\/\/www.albinfo.at\/fr\/la-part-des-personnes-en-surpoids-sest-stabilisee\/embed\/#?secret=RpRn6akrqb\" width=\"600\" height=\"338\" title=\"&#8220;La part des personnes en surpoids s&#8217;est stabilis\u00e9e&#8221; &#8212; Albinfo\" data-secret=\"RpRn6akrqb\" frameborder=\"0\" marginwidth=\"0\" marginheight=\"0\" scrolling=\"no\" class=\"wp-embedded-content\"><\/iframe><script type=\"text\/javascript\">\n\/* <![CDATA[ *\/\n\/*! This file is auto-generated *\/\n!function(d,l){\"use strict\";l.querySelector&&d.addEventListener&&\"undefined\"!=typeof URL&&(d.wp=d.wp||{},d.wp.receiveEmbedMessage||(d.wp.receiveEmbedMessage=function(e){var t=e.data;if((t||t.secret||t.message||t.value)&&!\/[^a-zA-Z0-9]\/.test(t.secret)){for(var s,r,n,a=l.querySelectorAll('iframe[data-secret=\"'+t.secret+'\"]'),o=l.querySelectorAll('blockquote[data-secret=\"'+t.secret+'\"]'),c=new RegExp(\"^https?:$\",\"i\"),i=0;i<o.length;i++)o[i].style.display=\"none\";for(i=0;i<a.length;i++)s=a[i],e.source===s.contentWindow&&(s.removeAttribute(\"style\"),\"height\"===t.message?(1e3<(r=parseInt(t.value,10))?r=1e3:~~r<200&&(r=200),s.height=r):\"link\"===t.message&&(r=new URL(s.getAttribute(\"src\")),n=new URL(t.value),c.test(n.protocol))&&n.host===r.host&&l.activeElement===s&&(d.top.location.href=t.value))}},d.addEventListener(\"message\",d.wp.receiveEmbedMessage,!1),l.addEventListener(\"DOMContentLoaded\",function(){for(var e,t,s=l.querySelectorAll(\"iframe.wp-embedded-content\"),r=0;r<s.length;r++)(t=(e=s[r]).getAttribute(\"data-secret\"))||(t=Math.random().toString(36).substring(2,12),e.src+=\"#?secret=\"+t,e.setAttribute(\"data-secret\",t)),e.contentWindow.postMessage({message:\"ready\",secret:t},\"*\")},!1)))}(window,document);\n\/* ]]> *\/\n<\/script>\n","thumbnail_url":"https:\/\/www.albinfo.at\/wp-content\/uploads\/2020\/09\/mbipesha.jpg","thumbnail_width":866,"thumbnail_height":428,"description":"Depuis 1992, la proportion des personnes ob\u00e8ses a doubl\u00e9 en Suisse, passant de 5% \u00e0 11% en 2017. En 2017 \u00e9galement, 31% de la population \u00e9taient par ailleurs en surpoids. Ces derni\u00e8res ann\u00e9es, la situation s\u2019est toutefois stabilis\u00e9e et les chiffres demeurent presque au m\u00eame niveau. L\u2019\u00e2ge, le sexe et la formation jouent un r\u00f4le [&hellip;]"}