{"version":"1.0","provider_name":"Albinfo","provider_url":"https:\/\/www.albinfo.at\/fr\/","author_name":"albinfo.ch","author_url":"https:\/\/www.albinfo.at\/fr\/author\/blerimshabani\/","title":"Infractions dans les avions \u2013 protocole international approuv\u00e9 - Albinfo","type":"rich","width":600,"height":338,"html":"<blockquote class=\"wp-embedded-content\" data-secret=\"uKZ5qlkR2N\"><a href=\"https:\/\/www.albinfo.at\/fr\/infractions-dans-les-avions-protocole-international-approuve\/\">Infractions dans les avions \u2013 protocole international approuv\u00e9<\/a><\/blockquote><iframe sandbox=\"allow-scripts\" security=\"restricted\" src=\"https:\/\/www.albinfo.at\/fr\/infractions-dans-les-avions-protocole-international-approuve\/embed\/#?secret=uKZ5qlkR2N\" width=\"600\" height=\"338\" title=\"&#8220;Infractions dans les avions \u2013 protocole international approuv\u00e9&#8221; &#8212; Albinfo\" data-secret=\"uKZ5qlkR2N\" frameborder=\"0\" marginwidth=\"0\" marginheight=\"0\" scrolling=\"no\" class=\"wp-embedded-content\"><\/iframe><script type=\"text\/javascript\">\n\/* <![CDATA[ *\/\n\/*! This file is auto-generated *\/\n!function(d,l){\"use strict\";l.querySelector&&d.addEventListener&&\"undefined\"!=typeof URL&&(d.wp=d.wp||{},d.wp.receiveEmbedMessage||(d.wp.receiveEmbedMessage=function(e){var t=e.data;if((t||t.secret||t.message||t.value)&&!\/[^a-zA-Z0-9]\/.test(t.secret)){for(var s,r,n,a=l.querySelectorAll('iframe[data-secret=\"'+t.secret+'\"]'),o=l.querySelectorAll('blockquote[data-secret=\"'+t.secret+'\"]'),c=new RegExp(\"^https?:$\",\"i\"),i=0;i<o.length;i++)o[i].style.display=\"none\";for(i=0;i<a.length;i++)s=a[i],e.source===s.contentWindow&&(s.removeAttribute(\"style\"),\"height\"===t.message?(1e3<(r=parseInt(t.value,10))?r=1e3:~~r<200&&(r=200),s.height=r):\"link\"===t.message&&(r=new URL(s.getAttribute(\"src\")),n=new URL(t.value),c.test(n.protocol))&&n.host===r.host&&l.activeElement===s&&(d.top.location.href=t.value))}},d.addEventListener(\"message\",d.wp.receiveEmbedMessage,!1),l.addEventListener(\"DOMContentLoaded\",function(){for(var e,t,s=l.querySelectorAll(\"iframe.wp-embedded-content\"),r=0;r<s.length;r++)(t=(e=s[r]).getAttribute(\"data-secret\"))||(t=Math.random().toString(36).substring(2,12),e.src+=\"#?secret=\"+t,e.setAttribute(\"data-secret\",t)),e.contentWindow.postMessage({message:\"ready\",secret:t},\"*\")},!1)))}(window,document);\n\/* ]]> *\/\n<\/script>\n","thumbnail_url":"https:\/\/www.albinfo.at\/wp-content\/uploads\/2019\/05\/udhetare-ne-aeroplan.jpg","thumbnail_width":743,"thumbnail_height":429,"description":"Les pr\u00e9occupations des compagnies a\u00e9riennes confront\u00e9es aux incidents provoqu\u00e9s par des passagers indisciplin\u00e9s seront mieux entendues. Le Conseil f\u00e9d\u00e9ral propose aux Chambres f\u00e9d\u00e9rales d\u2019approuver le Protocole portant amendement de la Convention relative aux infractions et \u00e0 certains autres actes survenant \u00e0 bord des a\u00e9ronefs (convention de Tokyo)."}