{"version":"1.0","provider_name":"Albinfo","provider_url":"https:\/\/www.albinfo.at\/fr\/","author_name":"albinfo.ch","author_url":"https:\/\/www.albinfo.at\/fr\/author\/sevdailtahiri\/","title":"D\u00e9c\u00e8s du vice-chancelier Andr\u00e9 Simonazzi - Albinfo","type":"rich","width":600,"height":338,"html":"<blockquote class=\"wp-embedded-content\" data-secret=\"NSAM5nEGBj\"><a href=\"https:\/\/www.albinfo.at\/fr\/deces-du-vice-chancelier-andre-simonazzi\/\">D\u00e9c\u00e8s du vice-chancelier Andr\u00e9 Simonazzi<\/a><\/blockquote><iframe sandbox=\"allow-scripts\" security=\"restricted\" src=\"https:\/\/www.albinfo.at\/fr\/deces-du-vice-chancelier-andre-simonazzi\/embed\/#?secret=NSAM5nEGBj\" width=\"600\" height=\"338\" title=\"&#8220;D\u00e9c\u00e8s du vice-chancelier Andr\u00e9 Simonazzi&#8221; &#8212; Albinfo\" data-secret=\"NSAM5nEGBj\" frameborder=\"0\" marginwidth=\"0\" marginheight=\"0\" scrolling=\"no\" class=\"wp-embedded-content\"><\/iframe><script type=\"text\/javascript\">\n\/* <![CDATA[ *\/\n\/*! This file is auto-generated *\/\n!function(d,l){\"use strict\";l.querySelector&&d.addEventListener&&\"undefined\"!=typeof URL&&(d.wp=d.wp||{},d.wp.receiveEmbedMessage||(d.wp.receiveEmbedMessage=function(e){var t=e.data;if((t||t.secret||t.message||t.value)&&!\/[^a-zA-Z0-9]\/.test(t.secret)){for(var s,r,n,a=l.querySelectorAll('iframe[data-secret=\"'+t.secret+'\"]'),o=l.querySelectorAll('blockquote[data-secret=\"'+t.secret+'\"]'),c=new RegExp(\"^https?:$\",\"i\"),i=0;i<o.length;i++)o[i].style.display=\"none\";for(i=0;i<a.length;i++)s=a[i],e.source===s.contentWindow&&(s.removeAttribute(\"style\"),\"height\"===t.message?(1e3<(r=parseInt(t.value,10))?r=1e3:~~r<200&&(r=200),s.height=r):\"link\"===t.message&&(r=new URL(s.getAttribute(\"src\")),n=new URL(t.value),c.test(n.protocol))&&n.host===r.host&&l.activeElement===s&&(d.top.location.href=t.value))}},d.addEventListener(\"message\",d.wp.receiveEmbedMessage,!1),l.addEventListener(\"DOMContentLoaded\",function(){for(var e,t,s=l.querySelectorAll(\"iframe.wp-embedded-content\"),r=0;r<s.length;r++)(t=(e=s[r]).getAttribute(\"data-secret\"))||(t=Math.random().toString(36).substring(2,12),e.src+=\"#?secret=\"+t,e.setAttribute(\"data-secret\",t)),e.contentWindow.postMessage({message:\"ready\",secret:t},\"*\")},!1)))}(window,document);\n\/* ]]> *\/\n<\/script>\n","thumbnail_url":"https:\/\/www.albinfo.at\/wp-content\/uploads\/2024\/05\/simonazzi.jpg","thumbnail_width":925,"thumbnail_height":624,"description":"Le porte-parole du Conseil f\u00e9d\u00e9ral et vice-chancelier Andr\u00e9 Simonazzi est d\u00e9c\u00e9d\u00e9 vendredi lors d\u2019une randonn\u00e9e. La nouvelle de son d\u00e9c\u00e8s a boulevers\u00e9 et profond\u00e9ment attrist\u00e9 les membres du Conseil f\u00e9d\u00e9ral et le chancelier de la Conf\u00e9d\u00e9ration. Le Conseil f\u00e9d\u00e9ral et le chancelier adressent leurs sinc\u00e8res condol\u00e9ances \u00e0 la famille et aux proches d\u2019Andr\u00e9 Simonazzi. Andr\u00e9 [&hellip;]"}