{"version":"1.0","provider_name":"Albinfo","provider_url":"https:\/\/www.albinfo.at\/fr\/","author_name":"albinfo.ch","author_url":"https:\/\/www.albinfo.at\/fr\/author\/sevdailtahiri\/","title":"B\u00e2le mobilise 700 b\u00e9n\u00e9voles pour l\u2019Eurovision - Albinfo","type":"rich","width":600,"height":338,"html":"<blockquote class=\"wp-embedded-content\" data-secret=\"OzYqQdrJLX\"><a href=\"https:\/\/www.albinfo.at\/fr\/bale-mobilise-700-benevoles-pour-leurovision\/\">B\u00e2le mobilise 700 b\u00e9n\u00e9voles pour l\u2019Eurovision<\/a><\/blockquote><iframe sandbox=\"allow-scripts\" security=\"restricted\" src=\"https:\/\/www.albinfo.at\/fr\/bale-mobilise-700-benevoles-pour-leurovision\/embed\/#?secret=OzYqQdrJLX\" width=\"600\" height=\"338\" title=\"&#8220;B\u00e2le mobilise 700 b\u00e9n\u00e9voles pour l\u2019Eurovision&#8221; &#8212; Albinfo\" data-secret=\"OzYqQdrJLX\" frameborder=\"0\" marginwidth=\"0\" marginheight=\"0\" scrolling=\"no\" class=\"wp-embedded-content\"><\/iframe><script type=\"text\/javascript\">\n\/* <![CDATA[ *\/\n\/*! This file is auto-generated *\/\n!function(d,l){\"use strict\";l.querySelector&&d.addEventListener&&\"undefined\"!=typeof URL&&(d.wp=d.wp||{},d.wp.receiveEmbedMessage||(d.wp.receiveEmbedMessage=function(e){var t=e.data;if((t||t.secret||t.message||t.value)&&!\/[^a-zA-Z0-9]\/.test(t.secret)){for(var s,r,n,a=l.querySelectorAll('iframe[data-secret=\"'+t.secret+'\"]'),o=l.querySelectorAll('blockquote[data-secret=\"'+t.secret+'\"]'),c=new RegExp(\"^https?:$\",\"i\"),i=0;i<o.length;i++)o[i].style.display=\"none\";for(i=0;i<a.length;i++)s=a[i],e.source===s.contentWindow&&(s.removeAttribute(\"style\"),\"height\"===t.message?(1e3<(r=parseInt(t.value,10))?r=1e3:~~r<200&&(r=200),s.height=r):\"link\"===t.message&&(r=new URL(s.getAttribute(\"src\")),n=new URL(t.value),c.test(n.protocol))&&n.host===r.host&&l.activeElement===s&&(d.top.location.href=t.value))}},d.addEventListener(\"message\",d.wp.receiveEmbedMessage,!1),l.addEventListener(\"DOMContentLoaded\",function(){for(var e,t,s=l.querySelectorAll(\"iframe.wp-embedded-content\"),r=0;r<s.length;r++)(t=(e=s[r]).getAttribute(\"data-secret\"))||(t=Math.random().toString(36).substring(2,12),e.src+=\"#?secret=\"+t,e.setAttribute(\"data-secret\",t)),e.contentWindow.postMessage({message:\"ready\",secret:t},\"*\")},!1)))}(window,document);\n\/* ]]> *\/\n<\/script>\n","thumbnail_url":"https:\/\/www.albinfo.at\/wp-content\/uploads\/2025\/01\/639738600_highres.jpg","thumbnail_width":1024,"thumbnail_height":683,"description":"Environ 320 personnes ont assist\u00e9 vendredi apr\u00e8s-midi \u00e0 l\u2019un des deux \u00e9v\u00e9nements officiels d\u2019information sur le Concours Eurovision de la Chanson (ESC) \u00e0 B\u00e2le. Au total, quelque 700 b\u00e9n\u00e9voles seront mobilis\u00e9s pendant l\u2019ESC. Ils seront charg\u00e9s, entre autres, d\u2019accueillir les d\u00e9l\u00e9gations internationales, de guider les fans et d\u2019orienter les visiteurs. \u00ab Les 700 b\u00e9n\u00e9voles viennent [&hellip;]"}