{"version":"1.0","provider_name":"Albinfo","provider_url":"https:\/\/www.albinfo.at\/fr\/","author_name":"albinfo.ch","author_url":"https:\/\/www.albinfo.at\/fr\/author\/sevdailtahiri\/","title":"7 mars, Journ\u00e9e de l\u2019enseignant - Albinfo","type":"rich","width":600,"height":338,"html":"<blockquote class=\"wp-embedded-content\" data-secret=\"hRej0fsNdp\"><a href=\"https:\/\/www.albinfo.at\/fr\/7-mars-journee-de-lenseignant\/\">7 mars, Journ\u00e9e de l\u2019enseignant<\/a><\/blockquote><iframe sandbox=\"allow-scripts\" security=\"restricted\" src=\"https:\/\/www.albinfo.at\/fr\/7-mars-journee-de-lenseignant\/embed\/#?secret=hRej0fsNdp\" width=\"600\" height=\"338\" title=\"&#8220;7 mars, Journ\u00e9e de l\u2019enseignant&#8221; &#8212; Albinfo\" data-secret=\"hRej0fsNdp\" frameborder=\"0\" marginwidth=\"0\" marginheight=\"0\" scrolling=\"no\" class=\"wp-embedded-content\"><\/iframe><script type=\"text\/javascript\">\n\/* <![CDATA[ *\/\n\/*! This file is auto-generated *\/\n!function(d,l){\"use strict\";l.querySelector&&d.addEventListener&&\"undefined\"!=typeof URL&&(d.wp=d.wp||{},d.wp.receiveEmbedMessage||(d.wp.receiveEmbedMessage=function(e){var t=e.data;if((t||t.secret||t.message||t.value)&&!\/[^a-zA-Z0-9]\/.test(t.secret)){for(var s,r,n,a=l.querySelectorAll('iframe[data-secret=\"'+t.secret+'\"]'),o=l.querySelectorAll('blockquote[data-secret=\"'+t.secret+'\"]'),c=new RegExp(\"^https?:$\",\"i\"),i=0;i<o.length;i++)o[i].style.display=\"none\";for(i=0;i<a.length;i++)s=a[i],e.source===s.contentWindow&&(s.removeAttribute(\"style\"),\"height\"===t.message?(1e3<(r=parseInt(t.value,10))?r=1e3:~~r<200&&(r=200),s.height=r):\"link\"===t.message&&(r=new URL(s.getAttribute(\"src\")),n=new URL(t.value),c.test(n.protocol))&&n.host===r.host&&l.activeElement===s&&(d.top.location.href=t.value))}},d.addEventListener(\"message\",d.wp.receiveEmbedMessage,!1),l.addEventListener(\"DOMContentLoaded\",function(){for(var e,t,s=l.querySelectorAll(\"iframe.wp-embedded-content\"),r=0;r<s.length;r++)(t=(e=s[r]).getAttribute(\"data-secret\"))||(t=Math.random().toString(36).substring(2,12),e.src+=\"#?secret=\"+t,e.setAttribute(\"data-secret\",t)),e.contentWindow.postMessage({message:\"ready\",secret:t},\"*\")},!1)))}(window,document);\n\/* ]]> *\/\n<\/script>\n","thumbnail_url":"https:\/\/www.albinfo.ch\/wp-content\/uploads\/2026\/03\/275267772_2084277108409733_8546736222794930113_n.jpg","thumbnail_width":1280,"thumbnail_height":853,"description":"Chaque ann\u00e9e est c\u00e9l\u00e9br\u00e9 le 7 mars, la Journ\u00e9e de l\u2019enseignant, qui nous rappelle la date du 7 mars 1887, lorsque fut ouverte \u00e0 Kor\u00e7\u00eb, sous la direction de Pandeli Sotiri, la premi\u00e8re \u00e9cole nationale albanaise. Il s\u2019agissait d\u2019une \u00e9cole \u00e0 caract\u00e8re national et la\u00efque, o\u00f9 tous les cours \u00e9taient dispens\u00e9s en langue albanaise. Parmi [&hellip;]"}