{"version":"1.0","provider_name":"Albinfo","provider_url":"https:\/\/www.albinfo.at\/fr\/","author_name":"albinfo.ch","author_url":"https:\/\/www.albinfo.at\/fr\/author\/blerimshabani\/","title":"Pas d\u2019indices de violence syst\u00e9matique dans les centres f\u00e9d\u00e9raux pour requ\u00e9rants d\u2019asile - Albinfo","type":"rich","width":600,"height":338,"html":"<blockquote class=\"wp-embedded-content\" data-secret=\"W1LO3BvK0s\"><a href=\"https:\/\/www.albinfo.at\/fr\/511005\/\">Pas d\u2019indices de violence syst\u00e9matique dans les centres f\u00e9d\u00e9raux pour requ\u00e9rants d\u2019asile<\/a><\/blockquote><iframe sandbox=\"allow-scripts\" security=\"restricted\" src=\"https:\/\/www.albinfo.at\/fr\/511005\/embed\/#?secret=W1LO3BvK0s\" width=\"600\" height=\"338\" title=\"&#8220;Pas d\u2019indices de violence syst\u00e9matique dans les centres f\u00e9d\u00e9raux pour requ\u00e9rants d\u2019asile&#8221; &#8212; Albinfo\" data-secret=\"W1LO3BvK0s\" frameborder=\"0\" marginwidth=\"0\" marginheight=\"0\" scrolling=\"no\" class=\"wp-embedded-content\"><\/iframe><script type=\"text\/javascript\">\n\/* <![CDATA[ *\/\n\/*! This file is auto-generated *\/\n!function(d,l){\"use strict\";l.querySelector&&d.addEventListener&&\"undefined\"!=typeof URL&&(d.wp=d.wp||{},d.wp.receiveEmbedMessage||(d.wp.receiveEmbedMessage=function(e){var t=e.data;if((t||t.secret||t.message||t.value)&&!\/[^a-zA-Z0-9]\/.test(t.secret)){for(var s,r,n,a=l.querySelectorAll('iframe[data-secret=\"'+t.secret+'\"]'),o=l.querySelectorAll('blockquote[data-secret=\"'+t.secret+'\"]'),c=new RegExp(\"^https?:$\",\"i\"),i=0;i<o.length;i++)o[i].style.display=\"none\";for(i=0;i<a.length;i++)s=a[i],e.source===s.contentWindow&&(s.removeAttribute(\"style\"),\"height\"===t.message?(1e3<(r=parseInt(t.value,10))?r=1e3:~~r<200&&(r=200),s.height=r):\"link\"===t.message&&(r=new URL(s.getAttribute(\"src\")),n=new URL(t.value),c.test(n.protocol))&&n.host===r.host&&l.activeElement===s&&(d.top.location.href=t.value))}},d.addEventListener(\"message\",d.wp.receiveEmbedMessage,!1),l.addEventListener(\"DOMContentLoaded\",function(){for(var e,t,s=l.querySelectorAll(\"iframe.wp-embedded-content\"),r=0;r<s.length;r++)(t=(e=s[r]).getAttribute(\"data-secret\"))||(t=Math.random().toString(36).substring(2,12),e.src+=\"#?secret=\"+t,e.setAttribute(\"data-secret\",t)),e.contentWindow.postMessage({message:\"ready\",secret:t},\"*\")},!1)))}(window,document);\n\/* ]]> *\/\n<\/script>\n","thumbnail_url":"https:\/\/www.albinfo.at\/wp-content\/uploads\/2016\/08\/asyl-eritrea-221850234-587x396.jpg","thumbnail_width":587,"thumbnail_height":396,"description":"C\u2019est la conclusion \u00e0 laquelle l\u2019ancien juge f\u00e9d\u00e9ral Niklaus Oberholzer est parvenu \u00e0 l\u2019issue de son enqu\u00eate, men\u00e9e sur mandat du Secr\u00e9tariat d\u2019\u00c9tat aux migrations (SEM) afin de d\u00e9terminer si des collaborateurs des services de s\u00e9curit\u00e9 faisaient un usage disproportionn\u00e9 de la contrainte"}