{"version":"1.0","provider_name":"Albinfo","provider_url":"https:\/\/www.albinfo.at\/fr\/","author_name":"albinfo.ch","author_url":"https:\/\/www.albinfo.at\/fr\/author\/blerimshabani\/","title":"Effets ind\u00e9sirables des vaccins contre le Covid-19 en Suisse - Albinfo","type":"rich","width":600,"height":338,"html":"<blockquote class=\"wp-embedded-content\" data-secret=\"VYoauMrGaX\"><a href=\"https:\/\/www.albinfo.at\/fr\/464863\/\">Effets ind\u00e9sirables des vaccins contre le Covid-19 en Suisse<\/a><\/blockquote><iframe sandbox=\"allow-scripts\" security=\"restricted\" src=\"https:\/\/www.albinfo.at\/fr\/464863\/embed\/#?secret=VYoauMrGaX\" width=\"600\" height=\"338\" title=\"&#8220;Effets ind\u00e9sirables des vaccins contre le Covid-19 en Suisse&#8221; &#8212; Albinfo\" data-secret=\"VYoauMrGaX\" frameborder=\"0\" marginwidth=\"0\" marginheight=\"0\" scrolling=\"no\" class=\"wp-embedded-content\"><\/iframe><script type=\"text\/javascript\">\n\/* <![CDATA[ *\/\n\/*! This file is auto-generated *\/\n!function(d,l){\"use strict\";l.querySelector&&d.addEventListener&&\"undefined\"!=typeof URL&&(d.wp=d.wp||{},d.wp.receiveEmbedMessage||(d.wp.receiveEmbedMessage=function(e){var t=e.data;if((t||t.secret||t.message||t.value)&&!\/[^a-zA-Z0-9]\/.test(t.secret)){for(var s,r,n,a=l.querySelectorAll('iframe[data-secret=\"'+t.secret+'\"]'),o=l.querySelectorAll('blockquote[data-secret=\"'+t.secret+'\"]'),c=new RegExp(\"^https?:$\",\"i\"),i=0;i<o.length;i++)o[i].style.display=\"none\";for(i=0;i<a.length;i++)s=a[i],e.source===s.contentWindow&&(s.removeAttribute(\"style\"),\"height\"===t.message?(1e3<(r=parseInt(t.value,10))?r=1e3:~~r<200&&(r=200),s.height=r):\"link\"===t.message&&(r=new URL(s.getAttribute(\"src\")),n=new URL(t.value),c.test(n.protocol))&&n.host===r.host&&l.activeElement===s&&(d.top.location.href=t.value))}},d.addEventListener(\"message\",d.wp.receiveEmbedMessage,!1),l.addEventListener(\"DOMContentLoaded\",function(){for(var e,t,s=l.querySelectorAll(\"iframe.wp-embedded-content\"),r=0;r<s.length;r++)(t=(e=s[r]).getAttribute(\"data-secret\"))||(t=Math.random().toString(36).substring(2,12),e.src+=\"#?secret=\"+t,e.setAttribute(\"data-secret\",t)),e.contentWindow.postMessage({message:\"ready\",secret:t},\"*\")},!1)))}(window,document);\n\/* ]]> *\/\n<\/script>\n","thumbnail_url":"https:\/\/www.albinfo.at\/wp-content\/uploads\/2021\/04\/vaksinimi-zvicer.jpg","thumbnail_width":1024,"thumbnail_height":683,"description":"Dans 64 cas graves, l\u2019on a d\u00fb d\u00e9plorer le d\u00e9c\u00e8s de la personne vaccin\u00e9e apr\u00e8s un laps de temps plus ou moins long. Ces personnes d\u00e9c\u00e9d\u00e9es \u00e9taient \u00e2g\u00e9es en moyenne de 82 ans et souffraient pour la plupart d'affections pr\u00e9-existantes graves"}