{"version":"1.0","provider_name":"Albinfo","provider_url":"https:\/\/www.albinfo.at\/de\/","author_name":"albinfo.ch","author_url":"https:\/\/www.albinfo.at\/de\/author\/sevdailtahiri\/","title":"Diese Schweizer Airline \u00e4ndert ihre offizielle \u201eID\u201c - Albinfo","type":"rich","width":600,"height":338,"html":"<blockquote class=\"wp-embedded-content\" data-secret=\"RoJj2GSMvg\"><a href=\"https:\/\/www.albinfo.at\/de\/diese-schweizer-airline-aendert-ihre-offizielle-id\/\">Diese Schweizer Airline \u00e4ndert ihre offizielle \u201eID\u201c<\/a><\/blockquote><iframe sandbox=\"allow-scripts\" security=\"restricted\" src=\"https:\/\/www.albinfo.at\/de\/diese-schweizer-airline-aendert-ihre-offizielle-id\/embed\/#?secret=RoJj2GSMvg\" width=\"600\" height=\"338\" title=\"&#8220;Diese Schweizer Airline \u00e4ndert ihre offizielle \u201eID\u201c&#8221; &#8212; Albinfo\" data-secret=\"RoJj2GSMvg\" frameborder=\"0\" marginwidth=\"0\" marginheight=\"0\" scrolling=\"no\" class=\"wp-embedded-content\"><\/iframe><script type=\"text\/javascript\">\n\/* <![CDATA[ *\/\n\/*! This file is auto-generated *\/\n!function(d,l){\"use strict\";l.querySelector&&d.addEventListener&&\"undefined\"!=typeof URL&&(d.wp=d.wp||{},d.wp.receiveEmbedMessage||(d.wp.receiveEmbedMessage=function(e){var t=e.data;if((t||t.secret||t.message||t.value)&&!\/[^a-zA-Z0-9]\/.test(t.secret)){for(var s,r,n,a=l.querySelectorAll('iframe[data-secret=\"'+t.secret+'\"]'),o=l.querySelectorAll('blockquote[data-secret=\"'+t.secret+'\"]'),c=new RegExp(\"^https?:$\",\"i\"),i=0;i<o.length;i++)o[i].style.display=\"none\";for(i=0;i<a.length;i++)s=a[i],e.source===s.contentWindow&&(s.removeAttribute(\"style\"),\"height\"===t.message?(1e3<(r=parseInt(t.value,10))?r=1e3:~~r<200&&(r=200),s.height=r):\"link\"===t.message&&(r=new URL(s.getAttribute(\"src\")),n=new URL(t.value),c.test(n.protocol))&&n.host===r.host&&l.activeElement===s&&(d.top.location.href=t.value))}},d.addEventListener(\"message\",d.wp.receiveEmbedMessage,!1),l.addEventListener(\"DOMContentLoaded\",function(){for(var e,t,s=l.querySelectorAll(\"iframe.wp-embedded-content\"),r=0;r<s.length;r++)(t=(e=s[r]).getAttribute(\"data-secret\"))||(t=Math.random().toString(36).substring(2,12),e.src+=\"#?secret=\"+t,e.setAttribute(\"data-secret\",t)),e.contentWindow.postMessage({message:\"ready\",secret:t},\"*\")},!1)))}(window,document);\n\/* ]]> *\/\n<\/script>\n","thumbnail_url":"https:\/\/www.albinfo.ch\/wp-content\/uploads\/2020\/11\/photo-1555446777-173210af3aff.jpg","thumbnail_width":1050,"thumbnail_height":700,"description":"Die Schweizer Fluggesellschaft, die Z\u00fcrich mit 15 Destinationen verbindet, \u00e4ndert ab dem 29. April ihren IATA-Code von GM auf CS, was f\u00fcr Chair Switzerland steht, berichtet\u00a0albinfo.ch. Mit dem neuen K\u00fcrzel m\u00f6chte Chair ihre Identit\u00e4t als Schweizer Airline noch klarer nach aussen tragen \u2013 vergleichbar mit etablierten Namen wie SWISS, Edelweiss und Helvetica. \u201eUnsere Werte und [&hellip;]"}